{"id":1301,"date":"2021-06-29T20:37:57","date_gmt":"2021-06-29T20:37:57","guid":{"rendered":"https:\/\/www.orus.cloud\/lacasitadelherrador\/?page_id=1301"},"modified":"2021-06-29T21:17:14","modified_gmt":"2021-06-29T21:17:14","slug":"rutas","status":"publish","type":"page","link":"https:\/\/www.orus.cloud\/lacasitadelherrador\/?page_id=1301","title":{"rendered":"RUTAS"},"content":{"rendered":"<p>[vc_row][vc_column]<div class=\"ult-animation  ult-animate-viewport  ult-no-mobile \" data-animate=\"flipInX\" data-animation-delay=\"0.3\" data-animation-duration=\"1\" data-animation-iteration=\"1\" style=\"opacity:0;\" data-opacity_start_effect=\"100\">[vc_empty_space]<div id=\"ultimate-heading-976769ee39fdd2007\" class=\"uvc-heading ult-adjust-bottom-margin ultimate-heading-976769ee39fdd2007 uvc-7182 \" data-hspacer=\"image_only\"  data-halign=\"center\" style=\"text-align:center\"><div class=\"uvc-heading-spacer image_only\" style=\"margin-bottom:10px;\"><img decoding=\"async\" src=\"https:\/\/www.orus.cloud\/lacasitadelherrador\/wp-content\/uploads\/2021\/06\/herradura.png\" class=\"ultimate-headings-icon-image\" alt=\"null\" style=\"width:48px\"\/><\/div><div class=\"uvc-main-heading ult-responsive\"  data-ultimate-target='.uvc-heading.ultimate-heading-976769ee39fdd2007 h2'  data-responsive-json-new='{\"font-size\":\"desktop:25px;\",\"line-height\":\"\"}' ><h2 style=\"font-family:&#039;Poppins&#039;;font-weight:600;color:#3d3935;\">PATRIMONIO NATURAL CA\u00d1\u00d3N DEL R\u00cdO LOBOS<\/h2><\/div><\/div><\/div>[\/vc_column][\/vc_row][vc_row equal_height=&#8221;yes&#8221; bg_type=&#8221;bg_color&#8221; bg_color_value=&#8221;#3d3935&#8243;][vc_column overlay=&#8221;yes&#8221; center_element=&#8221;yes&#8221; width=&#8221;5\/12&#8243; css=&#8221;.vc_custom_1625001016337{background-image: url(https:\/\/www.orus.cloud\/lacasitadelherrador\/wp-content\/uploads\/2021\/06\/IMG_20180722_171603-1-800&#215;550-1.jpg?id=1302) !important;background-position: center !important;background-repeat: no-repeat !important;background-size: cover !important;}&#8221; offset=&#8221;vc_col-lg-6 vc_col-md-6&#8243;]<div class=\"ult-spacer spacer-69ee39fdd2077\" data-id=\"69ee39fdd2077\" data-height=\"42\" data-height-mobile=\"35\" data-height-tab=\"\" data-height-tab-portrait=\"\" data-height-mobile-landscape=\"30\" style=\"clear:both;display:block;\"><\/div><div class=\"ult-animation  ult-animate-viewport  ult-no-mobile \" data-animate=\"bounceIn\" data-animation-delay=\"0.3\" data-animation-duration=\"1\" data-animation-iteration=\"1\" style=\"opacity:0;\" data-opacity_start_effect=\"100\"><\/div><div class=\"ult-spacer spacer-69ee39fdd20bf\" data-id=\"69ee39fdd20bf\" data-height=\"56\" data-height-mobile=\"40\" data-height-tab=\"\" data-height-tab-portrait=\"\" data-height-mobile-landscape=\"30\" style=\"clear:both;display:block;\"><\/div>[\/vc_column][vc_column width=&#8221;7\/12&#8243; el_class=&#8221;no-gutter&#8221; offset=&#8221;vc_col-lg-6 vc_col-md-6&#8243;]<div class=\"ult-spacer spacer-69ee39fdd20d8\" data-id=\"69ee39fdd20d8\" data-height=\"42\" data-height-mobile=\"35\" data-height-tab=\"\" data-height-tab-portrait=\"\" data-height-mobile-landscape=\"30\" style=\"clear:both;display:block;\"><\/div>[vc_column_text]<\/p>\n<p dir=\"ltr\">Declarado Parque Natural desde 1985. Con restos art\u00edsticos como la ermita de San Bartolom\u00e9\u00a0 y muchas simas profundas y cuevas, como La Galiana, que se puede visitar con su interior de estalactitas.<\/p>\n<p>Hay hasta 15 rutas por el interior del parque, que se pueden realizar andando o en bicicleta Mtb, por las pistas y caminos se\u00f1alados.<\/p>\n<p>El d\u00eda 24 de agosto se celebra la romer\u00eda de San Bartolom\u00e9.[\/vc_column_text]<div class=\"ult-spacer spacer-69ee39fdd20ef\" data-id=\"69ee39fdd20ef\" data-height=\"56\" data-height-mobile=\"40\" data-height-tab=\"\" data-height-tab-portrait=\"\" data-height-mobile-landscape=\"30\" style=\"clear:both;display:block;\"><\/div>[\/vc_column][\/vc_row][vc_row][vc_column]<div class=\"ult-animation  ult-animate-viewport  ult-no-mobile \" data-animate=\"flipInX\" data-animation-delay=\"0.3\" data-animation-duration=\"1\" data-animation-iteration=\"1\" style=\"opacity:0;\" data-opacity_start_effect=\"100\">[vc_empty_space]<div id=\"ultimate-heading-944569ee39fdd21f0\" class=\"uvc-heading ult-adjust-bottom-margin ultimate-heading-944569ee39fdd21f0 uvc-7942 \" data-hspacer=\"image_only\"  data-halign=\"center\" style=\"text-align:center\"><div class=\"uvc-heading-spacer image_only\" style=\"margin-bottom:10px;\"><img decoding=\"async\" src=\"https:\/\/www.orus.cloud\/lacasitadelherrador\/wp-content\/uploads\/2021\/06\/herradura.png\" class=\"ultimate-headings-icon-image\" alt=\"null\" style=\"width:48px\"\/><\/div><div class=\"uvc-main-heading ult-responsive\"  data-ultimate-target='.uvc-heading.ultimate-heading-944569ee39fdd21f0 h2'  data-responsive-json-new='{\"font-size\":\"desktop:25px;\",\"line-height\":\"\"}' ><h2 style=\"font-family:&#039;Poppins&#039;;font-weight:600;color:#3d3935;\">GR86.SENDERO IB\u00c9RICO SORIANO<\/h2><\/div><\/div><\/div>[\/vc_column][\/vc_row][vc_row equal_height=&#8221;yes&#8221; bg_type=&#8221;bg_color&#8221; bg_color_value=&#8221;#3d3935&#8243;][vc_column width=&#8221;7\/12&#8243; el_class=&#8221;no-gutter&#8221; offset=&#8221;vc_col-lg-6 vc_col-md-6&#8243;][vc_column_text]<\/p>\n<p dir=\"ltr\">Declarado Parque Natural desde 1985. Con restos art\u00edsticos como la ermita de San Bartolom\u00e9\u00a0 y muchas simas profundas y cuevas, como La Galiana, que se puede visitar con su interior de estalactitas.<\/p>\n<p>Hay hasta 15 rutas por el interior del parque, que se pueden realizar andando o en bicicleta Mtb, por las pistas y caminos se\u00f1alados.<\/p>\n<p>El d\u00eda 24 de agosto se celebra la romer\u00eda de San Bartolom\u00e9.[\/vc_column_text][vc_column_text]<\/p>\n<p dir=\"ltr\">Es un itinerario circular que recorre la mayor parte de la geograf\u00eda soriana.<\/p>\n<p>GR86 por Tierras de El Burgo de Osma:<br \/>\n\u2013 San Leonardo de Yague \u2013 Ucero<br \/>\n\u2013 Ucero-El Burgo de Osma<br \/>\n\u2013 El Burgo de Osma-Quintanas de Gormaz<br \/>\n\u2013 Quintanas de Gormaz- Br\u00edas<\/p>\n<p><a href=\"http:\/\/www.gr86soria.es\/\">m\u00e1s informaci\u00f3n<\/a>[\/vc_column_text][\/vc_column][vc_column overlay=&#8221;yes&#8221; center_element=&#8221;yes&#8221; width=&#8221;5\/12&#8243; css=&#8221;.vc_custom_1625001215801{background-image: url(https:\/\/www.orus.cloud\/lacasitadelherrador\/wp-content\/uploads\/2021\/06\/laguna-negra-2-scaled.jpeg?id=1307) !important;background-position: center !important;background-repeat: no-repeat !important;background-size: cover !important;}&#8221; offset=&#8221;vc_col-lg-6 vc_col-md-6&#8243;]<div class=\"ult-spacer spacer-69ee39fdd2240\" data-id=\"69ee39fdd2240\" data-height=\"42\" data-height-mobile=\"35\" data-height-tab=\"\" data-height-tab-portrait=\"\" data-height-mobile-landscape=\"30\" style=\"clear:both;display:block;\"><\/div><div class=\"ult-animation  ult-animate-viewport  ult-no-mobile \" data-animate=\"bounceIn\" data-animation-delay=\"0.3\" data-animation-duration=\"1\" data-animation-iteration=\"1\" style=\"opacity:0;\" data-opacity_start_effect=\"100\"><\/div><div class=\"ult-spacer spacer-69ee39fdd227f\" data-id=\"69ee39fdd227f\" data-height=\"56\" data-height-mobile=\"40\" data-height-tab=\"\" data-height-tab-portrait=\"\" data-height-mobile-landscape=\"30\" style=\"clear:both;display:block;\"><\/div>[\/vc_column][\/vc_row][vc_row][vc_column]<div class=\"ult-spacer spacer-69ee39fdd2295\" data-id=\"69ee39fdd2295\" data-height=\"105\" data-height-mobile=\"60\" data-height-tab=\"\" data-height-tab-portrait=\"\" data-height-mobile-landscape=\"60\" style=\"clear:both;display:block;\"><\/div><div class=\"ult-animation  ult-animate-viewport  ult-no-mobile \" data-animate=\"bounceIn\" data-animation-delay=\"0.3\" data-animation-duration=\"1\" data-animation-iteration=\"1\" style=\"opacity:0;\" data-opacity_start_effect=\"100\"><div id=\"ultimate-heading-918869ee39fdd23a7\" class=\"uvc-heading ult-adjust-bottom-margin ultimate-heading-918869ee39fdd23a7 uvc-778 set_max_width\" data-hspacer=\"image_only\"  data-halign=\"center\" style=\"text-align:center\"><div class=\"uvc-heading-spacer image_only\" style=\"margin-bottom:10px;\"><img decoding=\"async\" src=\"https:\/\/www.orus.cloud\/lacasitadelherrador\/wp-content\/uploads\/2021\/06\/herradura.png\" class=\"ultimate-headings-icon-image\" alt=\"null\" style=\"width:48px\"\/><\/div><div class=\"uvc-main-heading ult-responsive\"  data-ultimate-target='.uvc-heading.ultimate-heading-918869ee39fdd23a7 h2'  data-responsive-json-new='{\"font-size\":\"desktop:25px;\",\"line-height\":\"\"}' ><h2 style=\"font-family:&#039;Poppins&#039;;font-weight:600;color:#3d3935;\">RUTA POR LA CELTIBERIA SORIANA.<\/h2><\/div><div class=\"uvc-sub-heading ult-responsive\"  data-ultimate-target='.uvc-heading.ultimate-heading-918869ee39fdd23a7 .uvc-sub-heading '  data-responsive-json-new='{\"font-size\":\"\",\"line-height\":\"\"}'  style=\"font-family:&#039;Poppins&#039;;font-weight:normal;color:#9c9c9c;margin-top:6px;\">Recorre las principales <span>\u00a0ciudades celt\u00edberas de la provincia disfrutando de su entorno y su historia<\/span><\/div><\/div><\/div><div class=\"ult-spacer spacer-69ee39fdd2403\" data-id=\"69ee39fdd2403\" data-height=\"11\" data-height-mobile=\"11\" data-height-tab=\"11\" data-height-tab-portrait=\"\" data-height-mobile-landscape=\"\" style=\"clear:both;display:block;\"><\/div><div class=\"ult-spacer spacer-69ee39fdd241c\" data-id=\"69ee39fdd241c\" data-height=\"105\" data-height-mobile=\"60\" data-height-tab=\"\" data-height-tab-portrait=\"\" data-height-mobile-landscape=\"60\" style=\"clear:both;display:block;\"><\/div>[\/vc_column][\/vc_row][vc_row][vc_column width=&#8221;1\/3&#8243;]<div class=\"banner-container \" id=\"arp_banner-1435011622\"> \r\n\t<div class=\"banner-content banner-type-3  \r\n\t\ttext-center\t\t\t\t \r\n\t\t\" data-animation-delay=\"500\" data-animation=\"\">\r\n\t\t<div class=\"img-banner\">\r\n\t\t\t\t\t\t\t<img decoding=\"async\" src=\"https:\/\/www.orus.cloud\/lacasitadelherrador\/wp-content\/uploads\/2021\/06\/runum.jpg\" alt=\"img\">\r\n\t\t\t\t\t<\/div>\r\n\t\t<div class=\"banner-desc \" style =\"color: #ffffff\">\r\n\t\t\t\t\t\t\t\t\t\t\t\t<img decoding=\"async\" src=\"https:\/\/www.orus.cloud\/lacasitadelherrador\/wp-content\/uploads\/2021\/06\/hbmini.png\" alt=\"img\">\r\n\t\t\t\t\t\r\n\t\t\t\t\t\t\r\n\t\t\t\t\t\t\t<h3 style =\"color: #f5f5f5\">Numancia<\/h3>\r\n\t\t\t\t\r\n\t\t\t<div class=\"hide-content transition display-onhover animated animated_custom\">\t\t\t\r\n\t\t\t\t\r\n\t\t\t<p><span>Declarada zona arqueol\u00f3gica en 1882. Situada en Garray por la N 111 a 7 km de Soria. Se inicia la visita en la Casa de la Recepci\u00f3n, donde un v\u00eddeo y un CD-Rom proporcionan la reconstrucci\u00f3n de la historia de la ciudad para comprender mejor los restos arqueol\u00f3gicos.<\/span><\/p>\n\t\r\n\t\t\t<\/div>\t\r\n\t\t\t\r\n\t\t<\/div>\r\n\t\t\t\t\t\t\r\n\t<\/div>\r\n<\/div>\n[\/vc_column][vc_column width=&#8221;1\/3&#8243;]<div class=\"banner-container \" id=\"arp_banner-1263666454\"> \r\n\t<div class=\"banner-content banner-type-3  \r\n\t\ttext-center\t\t\t\t \r\n\t\t\" data-animation-delay=\"500\" data-animation=\"\">\r\n\t\t<div class=\"img-banner\">\r\n\t\t\t\t\t\t\t<img decoding=\"async\" src=\"https:\/\/www.orus.cloud\/lacasitadelherrador\/wp-content\/uploads\/2021\/06\/Tiermes.jpg\" alt=\"img\">\r\n\t\t\t\t\t<\/div>\r\n\t\t<div class=\"banner-desc \" style =\"color: #ffffff\">\r\n\t\t\t\t\t\t\t\t\t\t\t\t<img decoding=\"async\" src=\"https:\/\/www.orus.cloud\/lacasitadelherrador\/wp-content\/uploads\/2021\/06\/hbmini.png\" alt=\"img\">\r\n\t\t\t\t\t\r\n\t\t\t\t\t\t\r\n\t\t\t\t\t\t\t<h3 style =\"color: #f5f5f5\">Tiermes<\/h3>\r\n\t\t\t\t\r\n\t\t\t<div class=\"hide-content transition display-onhover animated animated_custom\">\t\t\t\r\n\t\t\t\t\r\n\t\t\t<p><span>Declarada Zona Arqueol\u00f3gica en 1999. A 7 km de Termancia, en Montejo de Tiermes. La ciudad cuenta con un grader\u00edo labrado a modo de anfiteatro, casas de varios pisos,un acueducto,etc. No se puede dejar de visitar el Museo Monogr\u00e1fico de Tiermes.<\/span><\/p>\n\t\r\n\t\t\t<\/div>\t\r\n\t\t\t\r\n\t\t<\/div>\r\n\t\t\t\t\t\t\r\n\t<\/div>\r\n<\/div>\n[vc_empty_space][\/vc_column][vc_column width=&#8221;1\/3&#8243;]<div class=\"banner-container \" id=\"arp_banner-3197707538\"> \r\n\t<div class=\"banner-content banner-type-3  \r\n\t\ttext-center\t\t\t\t \r\n\t\t\" data-animation-delay=\"500\" data-animation=\"\">\r\n\t\t<div class=\"img-banner\">\r\n\t\t\t\t\t\t\t<img decoding=\"async\" src=\"https:\/\/www.orus.cloud\/lacasitadelherrador\/wp-content\/uploads\/2021\/06\/ruxama.jpg\" alt=\"img\">\r\n\t\t\t\t\t<\/div>\r\n\t\t<div class=\"banner-desc \" style =\"color: #ffffff\">\r\n\t\t\t\t\t\t\t\t\t\t\t\t<img decoding=\"async\" src=\"https:\/\/www.orus.cloud\/lacasitadelherrador\/wp-content\/uploads\/2021\/06\/hbmini.png\" alt=\"img\">\r\n\t\t\t\t\t\r\n\t\t\t\t\t\t\r\n\t\t\t\t\t\t\t<h3 style =\"color: #f5f5f5\">Uxama<\/h3>\r\n\t\t\t\t\r\n\t\t\t<div class=\"hide-content transition display-onhover animated animated_custom\">\t\t\t\r\n\t\t\t\t\r\n\t\t\t<p dir=\"ltr\">Declarado Bien de Inter\u00e9s Cultural desde 1997.\u00a0Bien de Inter\u00e9s Cultural en la categor\u00eda de Zona Arqueol\u00f3gica en 1931.<\/p>\n<p dir=\"ltr\">A 2 km de El Burgo de Osma llegamos a la ciudad celt\u00edbero- romana de Uxama-Argaela. Se pueden observar los restos de una casa romana, las cisternas, la atalaya isl\u00e1mica y el aula arqueol\u00f3gic<\/p>\n\t\r\n\t\t\t<\/div>\t\r\n\t\t\t\r\n\t\t<\/div>\r\n\t\t\t\t\t\t\r\n\t<\/div>\r\n<\/div>\n[\/vc_column][\/vc_row][vc_row][vc_column]<div class=\"ult-animation  ult-animate-viewport  ult-no-mobile \" data-animate=\"flipInX\" data-animation-delay=\"0.3\" data-animation-duration=\"1\" data-animation-iteration=\"1\" style=\"opacity:0;\" data-opacity_start_effect=\"100\">[vc_empty_space]<div id=\"ultimate-heading-836969ee39fdd47ee\" class=\"uvc-heading ult-adjust-bottom-margin ultimate-heading-836969ee39fdd47ee uvc-5774 \" data-hspacer=\"image_only\"  data-halign=\"center\" style=\"text-align:center\"><div class=\"uvc-heading-spacer image_only\" style=\"margin-bottom:10px;\"><img decoding=\"async\" src=\"https:\/\/www.orus.cloud\/lacasitadelherrador\/wp-content\/uploads\/2021\/06\/herradura.png\" class=\"ultimate-headings-icon-image\" alt=\"null\" style=\"width:48px\"\/><\/div><div class=\"uvc-main-heading ult-responsive\"  data-ultimate-target='.uvc-heading.ultimate-heading-836969ee39fdd47ee h2'  data-responsive-json-new='{\"font-size\":\"desktop:25px;\",\"line-height\":\"\"}' ><h2 style=\"font-family:&#039;Poppins&#039;;font-weight:600;color:#3d3935;\">RUTA DEL ROM\u00c1NICO<\/h2><\/div><\/div><\/div>[\/vc_column][\/vc_row][vc_row equal_height=&#8221;yes&#8221; bg_type=&#8221;bg_color&#8221; bg_color_value=&#8221;#3d3935&#8243;][vc_column overlay=&#8221;yes&#8221; center_element=&#8221;yes&#8221; width=&#8221;5\/12&#8243; css=&#8221;.vc_custom_1625001378065{background-image: url(https:\/\/www.orus.cloud\/lacasitadelherrador\/wp-content\/uploads\/2021\/06\/1522660280999calatanazordn.jpg?id=1317) !important;background-position: center !important;background-repeat: no-repeat !important;background-size: cover !important;}&#8221; offset=&#8221;vc_col-lg-6 vc_col-md-6&#8243;]<div class=\"ult-spacer spacer-69ee39fdd4842\" data-id=\"69ee39fdd4842\" data-height=\"42\" data-height-mobile=\"35\" data-height-tab=\"\" data-height-tab-portrait=\"\" data-height-mobile-landscape=\"30\" style=\"clear:both;display:block;\"><\/div><div class=\"ult-animation  ult-animate-viewport  ult-no-mobile \" data-animate=\"bounceIn\" data-animation-delay=\"0.3\" data-animation-duration=\"1\" data-animation-iteration=\"1\" style=\"opacity:0;\" data-opacity_start_effect=\"100\"><\/div><div class=\"ult-spacer spacer-69ee39fdd4881\" data-id=\"69ee39fdd4881\" data-height=\"56\" data-height-mobile=\"40\" data-height-tab=\"\" data-height-tab-portrait=\"\" data-height-mobile-landscape=\"30\" style=\"clear:both;display:block;\"><\/div>[\/vc_column][vc_column width=&#8221;7\/12&#8243; el_class=&#8221;no-gutter&#8221; offset=&#8221;vc_col-lg-6 vc_col-md-6&#8243;][vc_column_text]Por Tierras del Burgo:<\/p>\n<p dir=\"ltr\">Calata\u00f1azor- El Burgo de Osma- Berzosa \u2013 Ucero<br \/>\nCalata\u00f1azor:<br \/>\n\u2013 Ntra. Sra. Del Castillo<br \/>\n\u2013 Ermita de la Soledad<br \/>\nEl Burgo de Osma:<br \/>\n\u2013 Iglesia Catedral de la Asunci\u00f3n<br \/>\nBerzosa:<br \/>\n\u2013 Iglesia de San Mart\u00edn<br \/>\nUcero. Ca\u00f1\u00f3n del R\u00edo Lobos:<br \/>\n\u2013 Ermita de San Bartolom\u00e9<\/p>\n<p>[\/vc_column_text][\/vc_column][\/vc_row][vc_row][vc_column]<div class=\"ult-animation  ult-animate-viewport  ult-no-mobile \" data-animate=\"flipInX\" data-animation-delay=\"0.3\" data-animation-duration=\"1\" data-animation-iteration=\"1\" style=\"opacity:0;\" data-opacity_start_effect=\"100\">[vc_empty_space]<div id=\"ultimate-heading-897369ee39fdd496d\" class=\"uvc-heading ult-adjust-bottom-margin ultimate-heading-897369ee39fdd496d uvc-9041 \" data-hspacer=\"image_only\"  data-halign=\"center\" style=\"text-align:center\"><div class=\"uvc-heading-spacer image_only\" style=\"margin-bottom:10px;\"><img decoding=\"async\" src=\"https:\/\/www.orus.cloud\/lacasitadelherrador\/wp-content\/uploads\/2021\/06\/herradura.png\" class=\"ultimate-headings-icon-image\" alt=\"null\" style=\"width:48px\"\/><\/div><div class=\"uvc-main-heading ult-responsive\"  data-ultimate-target='.uvc-heading.ultimate-heading-897369ee39fdd496d h2'  data-responsive-json-new='{\"font-size\":\"desktop:25px;\",\"line-height\":\"\"}' ><h2 style=\"font-family:&#039;Poppins&#039;;font-weight:600;color:#3d3935;\">RUTA DEL CID<\/h2><\/div><\/div><\/div>[\/vc_column][\/vc_row][vc_row equal_height=&#8221;yes&#8221; bg_type=&#8221;bg_color&#8221; bg_color_value=&#8221;#3d3935&#8243;][vc_column width=&#8221;7\/12&#8243; el_class=&#8221;no-gutter&#8221; offset=&#8221;vc_col-lg-6 vc_col-md-6&#8243;][vc_column_text]<\/p>\n<p dir=\"ltr\">Es un itinerario tur\u00edstico cultural que sigue las\u00a0 huellas del Cid por caminos y senderos.<\/p>\n<p dir=\"ltr\">Camino del Destierro:<\/p>\n<p dir=\"ltr\">&#8211;\u00a0Etapa 1. Alcoba de la Torre-Alcubilla de Avellaneda-Zayas de B\u00e1scones-Vill\u00e1lvaro-Matanza de Soria- San Esteban de Gormaz.<br \/>\n\u2013 Etapa 2. Soto de San Esteban-Langa de Duero-Castillejo de Robledo-Valdanzo-Mi\u00f1o de San Esteban-Aldea de San Esteban-San Esteban de Gormaz.<br \/>\n\u2013 Etapa 3. Alcubilla del Marqu\u00e9s-Osma-El Burgo de Osma-La Rasa-Navapalos-Vild\u00e8-Gormaz.<br \/>\n\u2013 Etapa 4.Quintanas de Gormaz-Recuerda-Morales-<wbr \/>Berlanga de Duero-Paones-Br\u00edas-Nograles-<wbr \/>Sauquillo de Paredes-Retortillo de Soria.<br \/>\n\u2013 Etapa 5. Layna-Arbujuelo-Salinas de Medinaceli-Lodares-Jubera-<wbr \/>Soma\u00e9n-Arcos de Jal\u00f3n-Aguilar de Montuenga-Montuenga de Soria-Santa Maria de Huerta.<\/p>\n<p>[\/vc_column_text][\/vc_column][vc_column overlay=&#8221;yes&#8221; center_element=&#8221;yes&#8221; width=&#8221;5\/12&#8243; css=&#8221;.vc_custom_1625001425185{background-image: url(https:\/\/www.orus.cloud\/lacasitadelherrador\/wp-content\/uploads\/2021\/06\/Gormaz.jpg?id=1318) !important;background-position: center !important;background-repeat: no-repeat !important;background-size: cover !important;}&#8221; offset=&#8221;vc_col-lg-6 vc_col-md-6&#8243;]<div class=\"ult-spacer spacer-69ee39fdd49b8\" data-id=\"69ee39fdd49b8\" data-height=\"42\" data-height-mobile=\"35\" data-height-tab=\"\" data-height-tab-portrait=\"\" data-height-mobile-landscape=\"30\" style=\"clear:both;display:block;\"><\/div><div class=\"ult-animation  ult-animate-viewport  ult-no-mobile \" data-animate=\"bounceIn\" data-animation-delay=\"0.3\" data-animation-duration=\"1\" data-animation-iteration=\"1\" style=\"opacity:0;\" data-opacity_start_effect=\"100\"><\/div><div class=\"ult-spacer spacer-69ee39fdd49f2\" data-id=\"69ee39fdd49f2\" data-height=\"56\" data-height-mobile=\"40\" data-height-tab=\"\" data-height-tab-portrait=\"\" data-height-mobile-landscape=\"30\" style=\"clear:both;display:block;\"><\/div>[\/vc_column][\/vc_row]<\/p>\n","protected":false},"excerpt":{"rendered":"<p>[vc_row][vc_column][\/vc_column][\/vc_row][vc_row equal_height=&#8221;yes&#8221; bg_type=&#8221;bg_color&#8221; bg_color_value=&#8221;#3d3935&#8243;][vc_column overlay=&#8221;yes&#8221; center_element=&#8221;yes&#8221; width=&#8221;5\/12&#8243; css=&#8221;.vc_custom_1625001016337{background-image: url(https:\/\/www.orus.cloud\/lacasitadelherrador\/wp-content\/uploads\/2021\/06\/IMG_20180722_171603-1-800&#215;550-1.jpg?id=1302) !important;background-position: center !important;background-repeat: no-repeat !important;background-size: cover !important;}&#8221; offset=&#8221;vc_col-lg-6 vc_col-md-6&#8243;][\/vc_column][vc_column width=&#8221;7\/12&#8243; el_class=&#8221;no-gutter&#8221; offset=&#8221;vc_col-lg-6 vc_col-md-6&#8243;][vc_column_text] Declarado Parque Natural desde 1985. Con restos art\u00edsticos como la ermita de San Bartolom\u00e9\u00a0 y muchas simas profundas y cuevas, como La Galiana, que se puede visitar con [&hellip;]<\/p>\n","protected":false},"author":1,"featured_media":0,"parent":0,"menu_order":0,"comment_status":"closed","ping_status":"closed","template":"","meta":{"footnotes":""},"class_list":["post-1301","page","type-page","status-publish","hentry"],"_links":{"self":[{"href":"https:\/\/www.orus.cloud\/lacasitadelherrador\/index.php?rest_route=\/wp\/v2\/pages\/1301","targetHints":{"allow":["GET"]}}],"collection":[{"href":"https:\/\/www.orus.cloud\/lacasitadelherrador\/index.php?rest_route=\/wp\/v2\/pages"}],"about":[{"href":"https:\/\/www.orus.cloud\/lacasitadelherrador\/index.php?rest_route=\/wp\/v2\/types\/page"}],"author":[{"embeddable":true,"href":"https:\/\/www.orus.cloud\/lacasitadelherrador\/index.php?rest_route=\/wp\/v2\/users\/1"}],"replies":[{"embeddable":true,"href":"https:\/\/www.orus.cloud\/lacasitadelherrador\/index.php?rest_route=%2Fwp%2Fv2%2Fcomments&post=1301"}],"version-history":[{"count":26,"href":"https:\/\/www.orus.cloud\/lacasitadelherrador\/index.php?rest_route=\/wp\/v2\/pages\/1301\/revisions"}],"predecessor-version":[{"id":1335,"href":"https:\/\/www.orus.cloud\/lacasitadelherrador\/index.php?rest_route=\/wp\/v2\/pages\/1301\/revisions\/1335"}],"wp:attachment":[{"href":"https:\/\/www.orus.cloud\/lacasitadelherrador\/index.php?rest_route=%2Fwp%2Fv2%2Fmedia&parent=1301"}],"curies":[{"name":"wp","href":"https:\/\/api.w.org\/{rel}","templated":true}]}}